{"id":528,"date":"2021-11-21T20:39:57","date_gmt":"2021-11-21T23:39:57","guid":{"rendered":"https:\/\/portal.macae.ufrj.br\/?page_id=528"},"modified":"2025-08-11T12:12:57","modified_gmt":"2025-08-11T15:12:57","slug":"instituto-politecnico","status":"publish","type":"page","link":"https:\/\/portal.macae.ufrj.br\/pt_br\/instituto-politecnico\/","title":{"rendered":"Instituto Polit\u00e9cnico"},"content":{"rendered":"\t\t<div data-elementor-type=\"wp-page\" data-elementor-id=\"528\" class=\"elementor elementor-528\" data-elementor-post-type=\"page\">\n\t\t\t\t<div class=\"elementor-element elementor-element-eca4a81 e-flex e-con-boxed e-con e-parent\" data-id=\"eca4a81\" data-element_type=\"container\" data-e-type=\"container\">\n\t\t\t\t\t<div class=\"e-con-inner\">\n\t\t<div class=\"elementor-element elementor-element-e640af0 e-con-full e-flex e-con e-child\" data-id=\"e640af0\" data-element_type=\"container\" data-e-type=\"container\">\n\t\t\t\t<div class=\"elementor-element elementor-element-ff63fb3 elementor-widget elementor-widget-heading\" data-id=\"ff63fb3\" data-element_type=\"widget\" data-e-type=\"widget\" data-widget_type=\"heading.default\">\n\t\t\t\t<div class=\"elementor-widget-container\">\n\t\t\t\t\t<h3 class=\"elementor-heading-title elementor-size-default\">Instituto Polit\u00e9cnico<\/h3>\t\t\t\t<\/div>\n\t\t\t\t<\/div>\n\t\t\t\t<\/div>\n\t\t<div class=\"elementor-element elementor-element-296fb64 e-con-full e-flex e-con e-child\" data-id=\"296fb64\" data-element_type=\"container\" data-e-type=\"container\">\n\t\t\t\t<div class=\"elementor-element elementor-element-7c2ccc2 elementor-widget elementor-widget-image\" data-id=\"7c2ccc2\" data-element_type=\"widget\" data-e-type=\"widget\" data-widget_type=\"image.default\">\n\t\t\t\t<div class=\"elementor-widget-container\">\n\t\t\t\t\t\t\t\t\t\t\t\t\t\t\t\t<a href=\"https:\/\/ipoli.macae.ufrj.br\/pt_br\/\" target=\"_blank\">\n\t\t\t\t\t\t\t<img fetchpriority=\"high\" decoding=\"async\" width=\"1200\" height=\"429\" src=\"https:\/\/portal.macae.ufrj.br\/wp-content\/uploads\/2025\/05\/Ipoli-horizontal-cor.png\" class=\"attachment-large size-large wp-image-14747\" alt=\"\" srcset=\"https:\/\/portal.macae.ufrj.br\/wp-content\/uploads\/2025\/05\/Ipoli-horizontal-cor.png 1606w, https:\/\/portal.macae.ufrj.br\/wp-content\/uploads\/2025\/05\/Ipoli-horizontal-cor-768x274.png 768w, https:\/\/portal.macae.ufrj.br\/wp-content\/uploads\/2025\/05\/Ipoli-horizontal-cor-1536x549.png 1536w, https:\/\/portal.macae.ufrj.br\/wp-content\/uploads\/2025\/05\/Ipoli-horizontal-cor-18x6.png 18w\" sizes=\"(max-width: 1200px) 100vw, 1200px\" \/>\t\t\t\t\t\t\t\t<\/a>\n\t\t\t\t\t\t\t\t\t\t\t\t\t\t\t<\/div>\n\t\t\t\t<\/div>\n\t\t\t\t<\/div>\n\t\t<div class=\"elementor-element elementor-element-f54b827 e-con-full e-flex e-con e-child\" data-id=\"f54b827\" data-element_type=\"container\" data-e-type=\"container\">\n\t\t\t\t<div class=\"elementor-element elementor-element-3288268 elementor-widget elementor-widget-text-editor\" data-id=\"3288268\" data-element_type=\"widget\" data-e-type=\"widget\" data-widget_type=\"text-editor.default\">\n\t\t\t\t<div class=\"elementor-widget-container\">\n\t\t\t\t\t\t\t\t\t<p>Os cursos de Engenharia Civil, Engenharia Mec\u00e2nica e Engenharia de Produ\u00e7\u00e3o implantados no Centro Multidisciplinar UFRJ-Maca\u00e9 objetivam formar engenheiros cuja qualifica\u00e7\u00e3o (conhecimentos, habilidades e compet\u00eancias) os tornem aptos a atuar em diversos setores, seja no setor p\u00fablico, seja a servi\u00e7o de empresas privadas ou como empreendedores de seus pr\u00f3prios neg\u00f3cios ou, ainda, em atividades de pesquisa e desenvolvimento cient\u00edfico-tecnol\u00f3gico.<\/p><p>Al\u00e9m disso, sua forma\u00e7\u00e3o permitir\u00e1 que identifiquem as implica\u00e7\u00f5es t\u00e9cnicas, tecnol\u00f3gicas, ambientais e s\u00f3cio-culturais de seu fazer profissional para que as levem em considera\u00e7\u00e3o na tomada de decis\u00f5es.<\/p>\t\t\t\t\t\t\t\t<\/div>\n\t\t\t\t<\/div>\n\t\t\t\t<div class=\"elementor-element elementor-element-6f98134 elementor-widget elementor-widget-text-editor\" data-id=\"6f98134\" data-element_type=\"widget\" data-e-type=\"widget\" data-widget_type=\"text-editor.default\">\n\t\t\t\t<div class=\"elementor-widget-container\">\n\t\t\t\t\t\t\t\t\t<ul><li>Dura\u00e7\u00e3o do curso:10 per\u00edodos \/ 5 anos<\/li><li>Turno de funcionamento: Diurno &#8211; Manh\u00e3\/Tarde<\/li><li>Oferta anual de vagas: 120 vagas<\/li><li>Modalidade: Presencial<\/li><li>Crit\u00e9rios de sele\u00e7\u00e3o dos alunos: vagas ofertadas pelo ENEM (Sistema de Sele\u00e7\u00e3o Unificada do MEC)<\/li><\/ul>\t\t\t\t\t\t\t\t<\/div>\n\t\t\t\t<\/div>\n\t\t\t\t<\/div>\n\t\t\t\t\t<\/div>\n\t\t\t\t<\/div>\n\t\t<div class=\"elementor-element elementor-element-38f7fd8 e-flex e-con-boxed e-con e-parent\" data-id=\"38f7fd8\" data-element_type=\"container\" data-e-type=\"container\">\n\t\t\t\t\t<div class=\"e-con-inner\">\n\t\t\t\t<div class=\"elementor-element elementor-element-c1e2d92 elementor-widget elementor-widget-image\" data-id=\"c1e2d92\" data-element_type=\"widget\" data-e-type=\"widget\" data-widget_type=\"image.default\">\n\t\t\t\t<div class=\"elementor-widget-container\">\n\t\t\t\t\t\t\t\t\t\t\t\t\t\t\t\t<a href=\"https:\/\/portal.macae.ufrj.br\/wp-content\/uploads\/2025\/08\/Organograma-IPoli-ago2025.jpeg\" data-elementor-open-lightbox=\"yes\" data-elementor-lightbox-title=\"Organograma IPoli ago2025\" data-e-action-hash=\"#elementor-action%3Aaction%3Dlightbox%26settings%3DeyJpZCI6MTUzNjIsInVybCI6Imh0dHBzOlwvXC9wb3J0YWwubWFjYWUudWZyai5iclwvd3AtY29udGVudFwvdXBsb2Fkc1wvMjAyNVwvMDhcL09yZ2Fub2dyYW1hLUlQb2xpLWFnbzIwMjUuanBlZyJ9\">\n\t\t\t\t\t\t\t<img decoding=\"async\" width=\"1200\" height=\"1064\" src=\"https:\/\/portal.macae.ufrj.br\/wp-content\/uploads\/2025\/08\/Organograma-IPoli-ago2025.jpeg\" class=\"attachment-large size-large wp-image-15362\" alt=\"\" srcset=\"https:\/\/portal.macae.ufrj.br\/wp-content\/uploads\/2025\/08\/Organograma-IPoli-ago2025.jpeg 1218w, https:\/\/portal.macae.ufrj.br\/wp-content\/uploads\/2025\/08\/Organograma-IPoli-ago2025-768x681.jpeg 768w, https:\/\/portal.macae.ufrj.br\/wp-content\/uploads\/2025\/08\/Organograma-IPoli-ago2025-14x12.jpeg 14w\" sizes=\"(max-width: 1200px) 100vw, 1200px\" \/>\t\t\t\t\t\t\t\t<\/a>\n\t\t\t\t\t\t\t\t\t\t\t\t\t\t\t<\/div>\n\t\t\t\t<\/div>\n\t\t\t\t\t<\/div>\n\t\t\t\t<\/div>\n\t\t<div class=\"elementor-element elementor-element-ceaf044 e-flex e-con-boxed e-con e-parent\" data-id=\"ceaf044\" data-element_type=\"container\" data-e-type=\"container\">\n\t\t\t\t\t<div class=\"e-con-inner\">\n\t\t<div class=\"elementor-element elementor-element-c95fbd1 e-con-full e-flex e-con e-child\" data-id=\"c95fbd1\" data-element_type=\"container\" data-e-type=\"container\" data-settings=\"{&quot;background_background&quot;:&quot;classic&quot;}\">\n\t\t\t\t<div class=\"elementor-element elementor-element-fb3fa1f elementor-widget elementor-widget-heading\" data-id=\"fb3fa1f\" data-element_type=\"widget\" data-e-type=\"widget\" data-widget_type=\"heading.default\">\n\t\t\t\t<div class=\"elementor-widget-container\">\n\t\t\t\t\t<h4 class=\"elementor-heading-title elementor-size-default\">Dire\u00e7\u00e3o do Instituto<\/h4>\t\t\t\t<\/div>\n\t\t\t\t<\/div>\n\t\t<div class=\"elementor-element elementor-element-503686c e-con-full e-flex e-con e-child\" data-id=\"503686c\" data-element_type=\"container\" data-e-type=\"container\">\n\t\t<div class=\"elementor-element elementor-element-0241d15 e-con-full e-flex e-con e-child\" data-id=\"0241d15\" data-element_type=\"container\" data-e-type=\"container\">\n\t\t\t\t<div class=\"elementor-element elementor-element-6c3ad95 elementor-widget elementor-widget-image\" data-id=\"6c3ad95\" data-element_type=\"widget\" data-e-type=\"widget\" data-widget_type=\"image.default\">\n\t\t\t\t<div class=\"elementor-widget-container\">\n\t\t\t\t\t\t\t\t\t\t\t\t\t\t\t<img decoding=\"async\" width=\"824\" height=\"1030\" src=\"https:\/\/portal.macae.ufrj.br\/wp-content\/uploads\/2023\/06\/Foto-perfil-Thiago-Gomes-de-Lima-2.jpg\" class=\"attachment-large size-large wp-image-9269\" alt=\"\" srcset=\"https:\/\/portal.macae.ufrj.br\/wp-content\/uploads\/2023\/06\/Foto-perfil-Thiago-Gomes-de-Lima-2.jpg 824w, https:\/\/portal.macae.ufrj.br\/wp-content\/uploads\/2023\/06\/Foto-perfil-Thiago-Gomes-de-Lima-2-768x960.jpg 768w, https:\/\/portal.macae.ufrj.br\/wp-content\/uploads\/2023\/06\/Foto-perfil-Thiago-Gomes-de-Lima-2-10x12.jpg 10w\" sizes=\"(max-width: 824px) 100vw, 824px\" \/>\t\t\t\t\t\t\t\t\t\t\t\t\t\t\t<\/div>\n\t\t\t\t<\/div>\n\t\t\t\t<\/div>\n\t\t<div class=\"elementor-element elementor-element-5517bb1 e-con-full e-flex e-con e-child\" data-id=\"5517bb1\" data-element_type=\"container\" data-e-type=\"container\">\n\t\t\t\t<div class=\"elementor-element elementor-element-d6925eb elementor-widget elementor-widget-heading\" data-id=\"d6925eb\" data-element_type=\"widget\" data-e-type=\"widget\" data-widget_type=\"heading.default\">\n\t\t\t\t<div class=\"elementor-widget-container\">\n\t\t\t\t\t<h5 class=\"elementor-heading-title elementor-size-default\">Diretor: Prof. Dr. Thiago Gomes de Lima<\/h5>\t\t\t\t<\/div>\n\t\t\t\t<\/div>\n\t\t\t\t<div class=\"elementor-element elementor-element-af601c5 elementor-widget elementor-widget-text-editor\" data-id=\"af601c5\" data-element_type=\"widget\" data-e-type=\"widget\" data-widget_type=\"text-editor.default\">\n\t\t\t\t<div class=\"elementor-widget-container\">\n\t\t\t\t\t\t\t\t\t<p>Doutor em Ci\u00eancias Ambientais pela Universidade Federal do Rio de Janeiro (UFRJ), realizou o Doutorado Sandu\u00edche no Departamento de Engenharia de Gest\u00e3o da Technical University of Denmark (DTU) &#8211; Divis\u00e3o de Inova\u00e7\u00e3o. Mestre em Engenharia de Produ\u00e7\u00e3o (UCAM), MBA em Gest\u00e3o Estrat\u00e9gica de Pessoas (FGV), Esp. em Ergonomia e Projetos (COPPE &#8211; UFRJ), Esp. Ci\u00eancia de Dados (ANHEMBI MORUMBI). \u00c9 Neuropsic\u00f3logo pelo Departamento de Neurologia da Faculdade de Medicina da USP (HCFMUSP). Bacharel na \u00e1rea de Gest\u00e3o e Neg\u00f3cios pela (UNIMEP) Bacharel em Turismo e em Psicologia (UNESA) <br \/>Professor Adjunto do Instituto Polit\u00e9cnico (IPoli) do Centro Multidisciplinar &#8211; UFRJ Maca\u00e9 no Programa de Engenharia de Produ\u00e7\u00e3o, no qual atuou enquanto coordenador de curso entre os anos de 2016-2019. Enquanto Coordenador atuou em importantes demandas como o reconhecimento do curso pelo Minist\u00e9rio da Educa\u00e7\u00e3o, Enade e Processos seletivos para docentes do quadro permanente. <br \/>Membro da Associa\u00e7\u00e3o Brasileira de Ergonomia (ABERGO). Membro do Grupo de Pesquisa Engineering Systems Design da DTU Management. Atualmente coordena o N\u00facleo de Estudos em Gest\u00e3o, Ergonomia e Projetos (NEGEP-UFRJ), um laborat\u00f3rio dedicado as atividades de ensino, pesquisa e extens\u00e3o, do IPoli.<br \/>Na gradua\u00e7\u00e3o leciona as disciplinas de Engenharia do Trabalho, Psicologia do Trabalho, Projeto de Engenharia do Trabalho, Gest\u00e3o Estrat\u00e9gica, Projeto de Engenharia Organizacional. No Programa de Mestrado PRODBIO (UFRJ) \u00e9 professor colaborador e leciona a disciplina de Gest\u00e3o Estrat\u00e9gica.<br \/>Na extens\u00e3o coordena cursos na modalidade de Educa\u00e7\u00e3o Executiva (Forma\u00e7\u00e3o Continuada), sendo eles: Gest\u00e3o Estrat\u00e9gica de Neg\u00f3cios; Economia Circular &amp; Neg\u00f3cios Sustent\u00e1veis; Inova\u00e7\u00e3o &amp; Transi\u00e7\u00e3o Energ\u00e9tica; Gest\u00e3o em Ergonomia, Fatores Humanos e Seguran\u00e7a Operacional. <br \/>Professor conselheiro do Projeto Enactus Maca\u00e9, esta iniciativa \u00e9 parte de uma rede internacional de colabora\u00e7\u00e3o voltada para o desenvolvimento do empreendedorismo social. <br \/>Na pesquisa atua principalmente nos seguintes temas: Engenharia de Gest\u00e3o; Engenharia do Trabalho; Desenvolvimento &amp; Opera\u00e7\u00e3o de Sistemas de Produtos e Servi\u00e7os; Economia Circular &amp; Neg\u00f3cios Sustent\u00e1veis; Inova\u00e7\u00e3o em Organiza\u00e7\u00f5es &amp; Lugares; e Projetos de Sistemas Participativos. <br \/>Organizador e coautor dos livros Organiza\u00e7\u00f5es e Sociedade: Pr\u00e1ticas e Pesquisas em Trabalho, Educa\u00e7\u00e3o e Sa\u00fade &#8211; Volumes I e II. <br \/>Foi integrante da equipe avaliadora do Pr\u00eamio Nacional de Inova\u00e7\u00e3o &#8211; CNI (2016 -2019). Avaliador e Mentor (Agente de Inova\u00e7\u00e3o) do Programa Startup Rio (2021). Foi avaliador do Edital Petrobras\/Sebrae (2021) &#8211; Conex\u00f5es para Inova\u00e7\u00e3o.<a href=\"http:\/\/lattes.cnpq.br\/9619275258304148\" target=\"_blank\" rel=\"noopener\">&gt;&gt; Curr\u00edculo Lattes<\/a><span class=\"texto\"><br \/><\/span><\/p>\t\t\t\t\t\t\t\t<\/div>\n\t\t\t\t<\/div>\n\t\t\t\t<\/div>\n\t\t\t\t<\/div>\n\t\t<div class=\"elementor-element elementor-element-34ec269 e-con-full e-flex e-con e-child\" data-id=\"34ec269\" data-element_type=\"container\" data-e-type=\"container\">\n\t\t<div class=\"elementor-element elementor-element-3c01514 e-con-full e-flex e-con e-child\" data-id=\"3c01514\" data-element_type=\"container\" data-e-type=\"container\">\n\t\t\t\t<\/div>\n\t\t<div class=\"elementor-element elementor-element-f192fc8 e-con-full e-flex e-con e-child\" data-id=\"f192fc8\" data-element_type=\"container\" data-e-type=\"container\">\n\t\t\t\t<\/div>\n\t\t\t\t<\/div>\n\t\t\t\t<div class=\"elementor-element elementor-element-89285f7 elementor-position-inline-start elementor-view-default elementor-mobile-position-block-start elementor-widget elementor-widget-icon-box\" data-id=\"89285f7\" data-element_type=\"widget\" data-e-type=\"widget\" data-widget_type=\"icon-box.default\">\n\t\t\t\t<div class=\"elementor-widget-container\">\n\t\t\t\t\t\t\t<div class=\"elementor-icon-box-wrapper\">\n\n\t\t\t\t\t\t<div class=\"elementor-icon-box-icon\">\n\t\t\t\t<span  class=\"elementor-icon\">\n\t\t\t\t<i aria-hidden=\"true\" class=\"fas fa-mail-bulk\"><\/i>\t\t\t\t<\/span>\n\t\t\t<\/div>\n\t\t\t\n\t\t\t\t\t\t<div class=\"elementor-icon-box-content\">\n\n\t\t\t\t\t\t\t\t\t<h6 class=\"elementor-icon-box-title\">\n\t\t\t\t\t\t<span  >\n\t\t\t\t\t\t\tContatos\t\t\t\t\t\t<\/span>\n\t\t\t\t\t<\/h6>\n\t\t\t\t\n\t\t\t\t\n\t\t\t<\/div>\n\t\t\t\n\t\t<\/div>\n\t\t\t\t\t\t<\/div>\n\t\t\t\t<\/div>\n\t\t<div class=\"elementor-element elementor-element-404f4e6 e-con-full e-flex e-con e-child\" data-id=\"404f4e6\" data-element_type=\"container\" data-e-type=\"container\">\n\t\t<div class=\"elementor-element elementor-element-2d8e36c e-con-full e-flex e-con e-child\" data-id=\"2d8e36c\" data-element_type=\"container\" data-e-type=\"container\">\n\t\t\t\t<div class=\"elementor-element elementor-element-16c5d19 elementor-widget elementor-widget-heading\" data-id=\"16c5d19\" data-element_type=\"widget\" data-e-type=\"widget\" data-widget_type=\"heading.default\">\n\t\t\t\t<div class=\"elementor-widget-container\">\n\t\t\t\t\t<h5 class=\"elementor-heading-title elementor-size-default\">Dire\u00e7\u00e3o Instituto Polit\u00e9cnico<\/h5>\t\t\t\t<\/div>\n\t\t\t\t<\/div>\n\t\t\t\t<div class=\"elementor-element elementor-element-89698ae elementor-widget elementor-widget-text-editor\" data-id=\"89698ae\" data-element_type=\"widget\" data-e-type=\"widget\" data-widget_type=\"text-editor.default\">\n\t\t\t\t<div class=\"elementor-widget-container\">\n\t\t\t\t\t\t\t\t\t<p>direcao@ipoli.macae.ufrj.br<\/p>\t\t\t\t\t\t\t\t<\/div>\n\t\t\t\t<\/div>\n\t\t\t\t<div class=\"elementor-element elementor-element-048cca6 elementor-widget elementor-widget-heading\" data-id=\"048cca6\" data-element_type=\"widget\" data-e-type=\"widget\" data-widget_type=\"heading.default\">\n\t\t\t\t<div class=\"elementor-widget-container\">\n\t\t\t\t\t<h5 class=\"elementor-heading-title elementor-size-default\">Cursos de Engenharia<\/h5>\t\t\t\t<\/div>\n\t\t\t\t<\/div>\n\t\t\t\t<div class=\"elementor-element elementor-element-6ec5b1d elementor-widget elementor-widget-text-editor\" data-id=\"6ec5b1d\" data-element_type=\"widget\" data-e-type=\"widget\" data-widget_type=\"text-editor.default\">\n\t\t\t\t<div class=\"elementor-widget-container\">\n\t\t\t\t\t\t\t\t\t<p><strong>Engenharia N\u00facleo Comum<\/strong><br \/>basico@ipoli.macae.ufrj.br<\/p><p><strong>Engenharia Mec\u00e2nica<\/strong><br \/>mecanica@ipoli.macae.ufrj.br<\/p><p><strong>Engenharia Civil<\/strong><br \/>civil@ipoli.macae.ufrj.br<\/p><p><strong>Engenharia de Produ\u00e7\u00e3o<\/strong><br \/>producao@ipoli.macae.ufrj.br<\/p>\t\t\t\t\t\t\t\t<\/div>\n\t\t\t\t<\/div>\n\t\t\t\t<\/div>\n\t\t<div class=\"elementor-element elementor-element-dc418e4 e-con-full e-flex e-con e-child\" data-id=\"dc418e4\" data-element_type=\"container\" data-e-type=\"container\">\n\t\t\t\t<div class=\"elementor-element elementor-element-dfe10a0 elementor-widget elementor-widget-heading\" data-id=\"dfe10a0\" data-element_type=\"widget\" data-e-type=\"widget\" data-widget_type=\"heading.default\">\n\t\t\t\t<div class=\"elementor-widget-container\">\n\t\t\t\t\t<h5 class=\"elementor-heading-title elementor-size-default\">Apoio Administrativo<\/h5>\t\t\t\t<\/div>\n\t\t\t\t<\/div>\n\t\t\t\t<div class=\"elementor-element elementor-element-df9cae6 elementor-widget elementor-widget-text-editor\" data-id=\"df9cae6\" data-element_type=\"widget\" data-e-type=\"widget\" data-widget_type=\"text-editor.default\">\n\t\t\t\t<div class=\"elementor-widget-container\">\n\t\t\t\t\t\t\t\t\t<p><strong>Nathalia dos Anjos Souza<\/strong><\/p><p>suporte.adm@ipoli.macae.ufrj.br<\/p>\t\t\t\t\t\t\t\t<\/div>\n\t\t\t\t<\/div>\n\t\t\t\t<\/div>\n\t\t\t\t<\/div>\n\t\t\t\t<\/div>\n\t\t\t\t\t<\/div>\n\t\t\t\t<\/div>\n\t\t<div class=\"elementor-element elementor-element-e47bbe4 e-flex e-con-boxed e-con e-parent\" data-id=\"e47bbe4\" data-element_type=\"container\" data-e-type=\"container\">\n\t\t\t\t\t<div class=\"e-con-inner\">\n\t\t\t\t<div class=\"elementor-element elementor-element-5e685b6 elementor-widget elementor-widget-eael-adv-accordion\" data-id=\"5e685b6\" data-element_type=\"widget\" data-e-type=\"widget\" data-widget_type=\"eael-adv-accordion.default\">\n\t\t\t\t<div class=\"elementor-widget-container\">\n\t\t\t\t\t            <div class=\"eael-adv-accordion\" id=\"eael-adv-accordion-5e685b6\" data-scroll-on-click=\"no\" data-scroll-speed=\"300\" data-accordion-id=\"5e685b6\" data-accordion-type=\"accordion\" data-toogle-speed=\"300\">\n            <div class=\"eael-accordion-list\">\n\t\t\t\t\t<div id=\"perfil-do-profissional-de-engenharia\" class=\"elementor-tab-title eael-accordion-header\" tabindex=\"0\" data-tab=\"1\" aria-controls=\"elementor-tab-content-9891\"><span class=\"eael-advanced-accordion-icon-closed\"><i aria-hidden=\"true\" class=\"fa-accordion-icon fas fa-user\"><\/i><\/span><span class=\"eael-advanced-accordion-icon-opened\"><i aria-hidden=\"true\" class=\"fa-accordion-icon fas fa-minus\"><\/i><\/span><h5 class=\"eael-accordion-tab-title\">Perfil do Profissional de Engenharia<\/h5><i aria-hidden=\"true\" class=\"fa-toggle fas fa-angle-right\"><\/i><\/div><div id=\"elementor-tab-content-9891\" class=\"eael-accordion-content clearfix\" data-tab=\"1\" aria-labelledby=\"perfil-do-profissional-de-engenharia\"><p>Com concep\u00e7\u00e3o inovadora, os cursos de gradua\u00e7\u00e3o de Engenharia implantados pela UFRJ no Campus Maca\u00e9, sob orienta\u00e7\u00e3o e responsabilidade da Escola Polit\u00e9cnica, foram escolhidos ap\u00f3s um cuidadoso processo de an\u00e1lise das necessidades regionais e entendimentos com empresas, governo municipal e entidades locais representativas da sociedade civil.<\/p><p>A op\u00e7\u00e3o feita pelos cursos de Engenharia Civil, Engenharia Mec\u00e2nica e Engenharia de Produ\u00e7\u00e3o permitiu criar uma estrutura flex\u00edvel que admite composi\u00e7\u00f5es curriculares variadas baseadas na combina\u00e7\u00e3o de segmentos disciplinares destes Cursos. O car\u00e1ter inovador da proposi\u00e7\u00e3o dos cursos apresenta-se sob suas vertentes principais:<\/p><ul><li>Conte\u00fados disciplinares que alarguem o horizonte intelectual e t\u00e9cnico-cient\u00edfico da forma\u00e7\u00e3o do engenheiro e o fa\u00e7a considerar n\u00e3o apenas as consequ\u00eancias estritamente tecnol\u00f3gicas do seu fazer profissional;<\/li><li>Segmenta\u00e7\u00e3o disciplinar das estruturas curriculares dos cursos, permitindo a constru\u00e7\u00e3o de distintas composi\u00e7\u00f5es curriculares e conjuntos de compet\u00eancias e habilidades, baseada no interesse academicamente orientado do discente sob o ponto de vista do seu exerc\u00edcio profissional futuro.<\/li><\/ul><p>Os cursos de Engenharia devem ter, entre seus objetivos, o de formar engenheiros com compet\u00eancias e habilidades relativamente a conte\u00fados e m\u00e9todos que:<\/p><ul><li>Sejam suficientes para que possam identificar e delimitar, nos dom\u00ednios de conhecimento de cada especializa\u00e7\u00e3o, uma dada situa\u00e7\u00e3o-problema, ou seja, um problema espec\u00edfico daquela &#8220;sua&#8221; engenharia; e sejam capazes de resolv\u00ea-lo;<\/li><li>Sejam suficientemente amplos e inter articulados para que possam reconhecer, em dom\u00ednios correlatos do conhecimento, de qual outra especializa\u00e7\u00e3o t\u00e9cnico-cient\u00edfico, mesmo al\u00e9m da engenharia, a dada situa\u00e7\u00e3o \u00e9 tamb\u00e9m um problema espec\u00edfico;<br \/>Possam interagir com os respectivos especialistas; de forma mais geral, permita-os identificar quais s\u00e3o as implica\u00e7\u00f5es t\u00e9cnicas, tecnol\u00f3gicas, ambientais ou s\u00f3cio-culturais mais amplas inerentes ao tratamento desta situa\u00e7\u00e3o-problema.<\/li><\/ul><\/div>\n\t\t\t\t\t<\/div><div class=\"eael-accordion-list\">\n\t\t\t\t\t<div id=\"grade-curricular-da-engenharia-civil\" class=\"elementor-tab-title eael-accordion-header\" tabindex=\"0\" data-tab=\"2\" aria-controls=\"elementor-tab-content-9892\"><span class=\"eael-advanced-accordion-icon-closed\"><i aria-hidden=\"true\" class=\"fa-accordion-icon fas fa-city\"><\/i><\/span><span class=\"eael-advanced-accordion-icon-opened\"><i aria-hidden=\"true\" class=\"fa-accordion-icon fas fa-minus\"><\/i><\/span><h5 class=\"eael-accordion-tab-title\">Grade Curricular da Engenharia Civil<\/h5><i aria-hidden=\"true\" class=\"fa-toggle fas fa-angle-right\"><\/i><\/div><div id=\"elementor-tab-content-9892\" class=\"eael-accordion-content clearfix\" data-tab=\"2\" aria-labelledby=\"grade-curricular-da-engenharia-civil\"><iframe id=\"inlineFrameExample\" title=\"Inline Frame Example\" src=\"https:\/\/siga.ufrj.br\/sira\/temas\/zire\/frameConsultas.jsp?mainPage=\/repositorio-curriculo\/86A6933E-92A4-F79D-45D8-3429812056C0.html\" width=\"300\" height=\"800\">\n<\/iframe><\/div>\n\t\t\t\t\t<\/div><div class=\"eael-accordion-list\">\n\t\t\t\t\t<div id=\"grade-curricular-da-engenharia-mecnica\" class=\"elementor-tab-title eael-accordion-header\" tabindex=\"0\" data-tab=\"3\" aria-controls=\"elementor-tab-content-9893\"><span class=\"eael-advanced-accordion-icon-closed\"><i aria-hidden=\"true\" class=\"fa-accordion-icon fas fa-user-cog\"><\/i><\/span><span class=\"eael-advanced-accordion-icon-opened\"><i aria-hidden=\"true\" class=\"fa-accordion-icon fas fa-minus\"><\/i><\/span><h5 class=\"eael-accordion-tab-title\">Grade Curricular da Engenharia Mec\u00e2nica<\/h5><i aria-hidden=\"true\" class=\"fa-toggle fas fa-angle-right\"><\/i><\/div><div id=\"elementor-tab-content-9893\" class=\"eael-accordion-content clearfix\" data-tab=\"3\" aria-labelledby=\"grade-curricular-da-engenharia-mecnica\"><iframe id=\"inlineFrameExample\" title=\"Inline Frame Example\" src=\"https:\/\/siga.ufrj.br\/sira\/temas\/zire\/frameConsultas.jsp?mainPage=\/repositorio-curriculo\/86A93655-92A4-F79D-45D8-3429007F4CE7.html\" width=\"300\" height=\"800\">\n<\/iframe><\/div>\n\t\t\t\t\t<\/div><div class=\"eael-accordion-list\">\n\t\t\t\t\t<div id=\"grade-curricular-da-engenharia-de-produo\" class=\"elementor-tab-title eael-accordion-header\" tabindex=\"0\" data-tab=\"4\" aria-controls=\"elementor-tab-content-9894\"><span class=\"eael-advanced-accordion-icon-closed\"><i aria-hidden=\"true\" class=\"fa-accordion-icon fas fa-project-diagram\"><\/i><\/span><span class=\"eael-advanced-accordion-icon-opened\"><i aria-hidden=\"true\" class=\"fa-accordion-icon fas fa-minus\"><\/i><\/span><h5 class=\"eael-accordion-tab-title\">Grade Curricular da Engenharia de Produ\u00e7\u00e3o<\/h5><i aria-hidden=\"true\" class=\"fa-toggle fas fa-angle-right\"><\/i><\/div><div id=\"elementor-tab-content-9894\" class=\"eael-accordion-content clearfix\" data-tab=\"4\" aria-labelledby=\"grade-curricular-da-engenharia-de-produo\"><iframe id=\"inlineFrameExample\" title=\"Inline Frame Example\" width=\"300\" height=\"800\" src=\"https:\/\/siga.ufrj.br\/sira\/temas\/zire\/frameConsultas.jsp?mainPage=\/repositorio-curriculo\/86AA0C62-92A4-F79D-45D8-342907F40115.html\">\n<\/iframe><\/div>\n\t\t\t\t\t<\/div><\/div>\t\t\t\t<\/div>\n\t\t\t\t<\/div>\n\t\t\t\t<div class=\"elementor-element elementor-element-e167007 elementor-widget elementor-widget-spacer\" data-id=\"e167007\" data-element_type=\"widget\" data-e-type=\"widget\" data-widget_type=\"spacer.default\">\n\t\t\t\t<div class=\"elementor-widget-container\">\n\t\t\t\t\t\t\t<div class=\"elementor-spacer\">\n\t\t\t<div class=\"elementor-spacer-inner\"><\/div>\n\t\t<\/div>\n\t\t\t\t\t\t<\/div>\n\t\t\t\t<\/div>\n\t\t\t\t<div class=\"elementor-element elementor-element-ec321cc elementor-widget-divider--view-line elementor-widget elementor-widget-divider\" data-id=\"ec321cc\" data-element_type=\"widget\" data-e-type=\"widget\" data-widget_type=\"divider.default\">\n\t\t\t\t<div class=\"elementor-widget-container\">\n\t\t\t\t\t\t\t<div class=\"elementor-divider\">\n\t\t\t<span class=\"elementor-divider-separator\">\n\t\t\t\t\t\t<\/span>\n\t\t<\/div>\n\t\t\t\t\t\t<\/div>\n\t\t\t\t<\/div>\n\t\t\t\t\t<\/div>\n\t\t\t\t<\/div>\n\t\t<div class=\"elementor-element elementor-element-bac6f6d e-flex e-con-boxed e-con e-parent\" data-id=\"bac6f6d\" data-element_type=\"container\" data-e-type=\"container\">\n\t\t\t\t\t<div class=\"e-con-inner\">\n\t\t\t\t<div class=\"elementor-element elementor-element-eabad4a elementor-position-top elementor-widget elementor-widget-image-box\" data-id=\"eabad4a\" data-element_type=\"widget\" data-e-type=\"widget\" data-widget_type=\"image-box.default\">\n\t\t\t\t<div class=\"elementor-widget-container\">\n\t\t\t\t\t<div class=\"elementor-image-box-wrapper\"><figure class=\"elementor-image-box-img\"><a href=\"https:\/\/ipoli.macae.ufrj.br\/pt_br\/\" target=\"_blank\" tabindex=\"-1\"><img loading=\"lazy\" decoding=\"async\" width=\"1444\" height=\"628\" src=\"https:\/\/portal.macae.ufrj.br\/wp-content\/uploads\/2025\/05\/Ipoli-horizontal-completo-cor.png\" class=\"attachment-full size-full wp-image-14746\" alt=\"\" srcset=\"https:\/\/portal.macae.ufrj.br\/wp-content\/uploads\/2025\/05\/Ipoli-horizontal-completo-cor.png 1444w, https:\/\/portal.macae.ufrj.br\/wp-content\/uploads\/2025\/05\/Ipoli-horizontal-completo-cor-768x334.png 768w, https:\/\/portal.macae.ufrj.br\/wp-content\/uploads\/2025\/05\/Ipoli-horizontal-completo-cor-18x8.png 18w\" sizes=\"(max-width: 1444px) 100vw, 1444px\" \/><\/a><\/figure><div class=\"elementor-image-box-content\"><p class=\"elementor-image-box-description\">Acesse aqui o site do IPOLI UFRJ.<\/p><\/div><\/div>\t\t\t\t<\/div>\n\t\t\t\t<\/div>\n\t\t\t\t\t<\/div>\n\t\t\t\t<\/div>\n\t\t\t\t<\/div>\n\t\t","protected":false},"excerpt":{"rendered":"<p>Instituto Polit\u00e9cnico Os cursos de Engenharia Civil, Engenharia Mec\u00e2nica e Engenharia de Produ\u00e7\u00e3o implantados no Centro Multidisciplinar UFRJ-Maca\u00e9 objetivam formar engenheiros cuja qualifica\u00e7\u00e3o (conhecimentos, habilidades e compet\u00eancias) os tornem aptos a atuar em diversos setores, seja no setor p\u00fablico, seja a servi\u00e7o de empresas privadas ou como empreendedores de seus pr\u00f3prios neg\u00f3cios ou, ainda, em [&hellip;]<\/p>\n","protected":false},"author":6,"featured_media":0,"parent":0,"menu_order":0,"comment_status":"closed","ping_status":"closed","template":"","meta":{"_uag_custom_page_level_css":"","site-sidebar-layout":"no-sidebar","site-content-layout":"page-builder","ast-site-content-layout":"default","site-content-style":"default","site-sidebar-style":"default","ast-global-header-display":"","ast-banner-title-visibility":"","ast-main-header-display":"","ast-hfb-above-header-display":"","ast-hfb-below-header-display":"","ast-hfb-mobile-header-display":"","site-post-title":"disabled","ast-breadcrumbs-content":"","ast-featured-img":"disabled","footer-sml-layout":"","ast-disable-related-posts":"","theme-transparent-header-meta":"","adv-header-id-meta":"","stick-header-meta":"","header-above-stick-meta":"","header-main-stick-meta":"","header-below-stick-meta":"","astra-migrate-meta-layouts":"default","ast-page-background-enabled":"default","ast-page-background-meta":{"desktop":{"background-color":"var(--ast-global-color-4)","background-image":"","background-repeat":"repeat","background-position":"center center","background-size":"auto","background-attachment":"scroll","background-type":"","background-media":"","overlay-type":"","overlay-color":"","overlay-opacity":"","overlay-gradient":""},"tablet":{"background-color":"","background-image":"","background-repeat":"repeat","background-position":"center center","background-size":"auto","background-attachment":"scroll","background-type":"","background-media":"","overlay-type":"","overlay-color":"","overlay-opacity":"","overlay-gradient":""},"mobile":{"background-color":"","background-image":"","background-repeat":"repeat","background-position":"center center","background-size":"auto","background-attachment":"scroll","background-type":"","background-media":"","overlay-type":"","overlay-color":"","overlay-opacity":"","overlay-gradient":""}},"ast-content-background-meta":{"desktop":{"background-color":"var(--ast-global-color-5)","background-image":"","background-repeat":"repeat","background-position":"center center","background-size":"auto","background-attachment":"scroll","background-type":"","background-media":"","overlay-type":"","overlay-color":"","overlay-opacity":"","overlay-gradient":""},"tablet":{"background-color":"var(--ast-global-color-5)","background-image":"","background-repeat":"repeat","background-position":"center center","background-size":"auto","background-attachment":"scroll","background-type":"","background-media":"","overlay-type":"","overlay-color":"","overlay-opacity":"","overlay-gradient":""},"mobile":{"background-color":"var(--ast-global-color-5)","background-image":"","background-repeat":"repeat","background-position":"center center","background-size":"auto","background-attachment":"scroll","background-type":"","background-media":"","overlay-type":"","overlay-color":"","overlay-opacity":"","overlay-gradient":""}},"footnotes":"","_links_to":"","_links_to_target":""},"class_list":["post-528","page","type-page","status-publish","hentry"],"uagb_featured_image_src":{"full":false,"thumbnail":false,"medium":false,"medium_large":false,"large":false,"1536x1536":false,"2048x2048":false,"trp-custom-language-flag":false},"uagb_author_info":{"display_name":"Nathalia Machado","author_link":"https:\/\/portal.macae.ufrj.br\/pt_br\/author\/nathaliamachado\/"},"uagb_comment_info":0,"uagb_excerpt":"Instituto Polit\u00e9cnico Os cursos de Engenharia Civil, Engenharia Mec\u00e2nica e Engenharia de Produ\u00e7\u00e3o implantados no Centro Multidisciplinar UFRJ-Maca\u00e9 objetivam formar engenheiros cuja qualifica\u00e7\u00e3o (conhecimentos, habilidades e compet\u00eancias) os tornem aptos a atuar em diversos setores, seja no setor p\u00fablico, seja a servi\u00e7o de empresas privadas ou como empreendedores de seus pr\u00f3prios neg\u00f3cios ou, ainda, em&hellip;","_links":{"self":[{"href":"https:\/\/portal.macae.ufrj.br\/pt_br\/wp-json\/wp\/v2\/pages\/528","targetHints":{"allow":["GET"]}}],"collection":[{"href":"https:\/\/portal.macae.ufrj.br\/pt_br\/wp-json\/wp\/v2\/pages"}],"about":[{"href":"https:\/\/portal.macae.ufrj.br\/pt_br\/wp-json\/wp\/v2\/types\/page"}],"author":[{"embeddable":true,"href":"https:\/\/portal.macae.ufrj.br\/pt_br\/wp-json\/wp\/v2\/users\/6"}],"replies":[{"embeddable":true,"href":"https:\/\/portal.macae.ufrj.br\/pt_br\/wp-json\/wp\/v2\/comments?post=528"}],"version-history":[{"count":45,"href":"https:\/\/portal.macae.ufrj.br\/pt_br\/wp-json\/wp\/v2\/pages\/528\/revisions"}],"predecessor-version":[{"id":15369,"href":"https:\/\/portal.macae.ufrj.br\/pt_br\/wp-json\/wp\/v2\/pages\/528\/revisions\/15369"}],"wp:attachment":[{"href":"https:\/\/portal.macae.ufrj.br\/pt_br\/wp-json\/wp\/v2\/media?parent=528"}],"curies":[{"name":"wp","href":"https:\/\/api.w.org\/{rel}","templated":true}]}}