{"id":754,"date":"2021-11-22T23:23:19","date_gmt":"2021-11-23T02:23:19","guid":{"rendered":"https:\/\/portal.macae.ufrj.br\/?page_id=754"},"modified":"2026-02-10T10:10:45","modified_gmt":"2026-02-10T13:10:45","slug":"comissao-permanente-ufrj-macae-acessivel-e-inclusiva","status":"publish","type":"page","link":"https:\/\/portal.macae.ufrj.br\/en\/comissao-permanente-ufrj-macae-acessivel-e-inclusiva\/","title":{"rendered":"Permanent Commission UFRJ-MACA\u00c9 Accessible and Inclusive"},"content":{"rendered":"<div data-elementor-type=\"wp-page\" data-elementor-id=\"754\" class=\"elementor elementor-754\" data-elementor-post-type=\"page\">\n\t\t\t\t<div class=\"elementor-element elementor-element-a6da078 e-flex e-con-boxed e-con e-parent\" data-id=\"a6da078\" data-element_type=\"container\" data-e-type=\"container\">\n\t\t\t\t\t<div class=\"e-con-inner\">\n\t\t<div class=\"elementor-element elementor-element-59c63a9 e-con-full e-flex e-con e-child\" data-id=\"59c63a9\" data-element_type=\"container\" data-e-type=\"container\">\n\t\t\t\t<div class=\"elementor-element elementor-element-a2ffdcb elementor-widget elementor-widget-spacer\" data-id=\"a2ffdcb\" data-element_type=\"widget\" data-e-type=\"widget\" data-widget_type=\"spacer.default\">\n\t\t\t\t<div class=\"elementor-widget-container\">\n\t\t\t\t\t\t\t<div class=\"elementor-spacer\">\n\t\t\t<div class=\"elementor-spacer-inner\"><\/div>\n\t\t<\/div>\n\t\t\t\t\t\t<\/div>\n\t\t\t\t<\/div>\n\t\t\t\t<\/div>\n\t\t\t\t\t<\/div>\n\t\t\t\t<\/div>\n\t\t<div class=\"elementor-element elementor-element-fc475e0 e-flex e-con-boxed e-con e-parent\" data-id=\"fc475e0\" data-element_type=\"container\" data-e-type=\"container\">\n\t\t\t\t\t<div class=\"e-con-inner\">\n\t\t<div class=\"elementor-element elementor-element-491c282 e-con-full e-flex e-con e-child\" data-id=\"491c282\" data-element_type=\"container\" data-e-type=\"container\">\n\t\t<div class=\"elementor-element elementor-element-80cb0e6 e-con-full e-flex e-con e-child\" data-id=\"80cb0e6\" data-element_type=\"container\" data-e-type=\"container\">\n\t\t<div class=\"elementor-element elementor-element-11f9e7b e-con-full e-flex e-con e-child\" data-id=\"11f9e7b\" data-element_type=\"container\" data-e-type=\"container\">\n\t\t\t\t<div class=\"elementor-element elementor-element-66150be elementor-widget elementor-widget-heading\" data-id=\"66150be\" data-element_type=\"widget\" data-e-type=\"widget\" data-widget_type=\"heading.default\">\n\t\t\t\t<div class=\"elementor-widget-container\">\n\t\t\t\t\t<h2 class=\"elementor-heading-title elementor-size-default\">Affordable and inclusive Permanent Commission of the Multidisciplinary Center UFRJ - Maca\u00e9 (CPAI \/ UFRJ-Maca\u00e9)<\/h2>\t\t\t\t<\/div>\n\t\t\t\t<\/div>\n\t\t\t\t<\/div>\n\t\t<div class=\"elementor-element elementor-element-e5bb552 e-con-full e-flex e-con e-child\" data-id=\"e5bb552\" data-element_type=\"container\" data-e-type=\"container\">\n\t\t\t\t<div class=\"elementor-element elementor-element-cd21149 elementor-widget elementor-widget-image\" data-id=\"cd21149\" data-element_type=\"widget\" data-e-type=\"widget\" data-widget_type=\"image.default\">\n\t\t\t\t<div class=\"elementor-widget-container\">\n\t\t\t\t\t\t\t\t\t\t\t\t\t\t\t<img fetchpriority=\"high\" decoding=\"async\" width=\"960\" height=\"720\" src=\"https:\/\/portal.macae.ufrj.br\/wp-content\/uploads\/2024\/08\/logo-CPAI.png\" class=\"attachment-large size-large wp-image-12181\" alt=\"\" srcset=\"https:\/\/portal.macae.ufrj.br\/wp-content\/uploads\/2024\/08\/logo-CPAI.png 960w, https:\/\/portal.macae.ufrj.br\/wp-content\/uploads\/2024\/08\/logo-CPAI-768x576.png 768w, https:\/\/portal.macae.ufrj.br\/wp-content\/uploads\/2024\/08\/logo-CPAI-16x12.png 16w\" sizes=\"(max-width: 960px) 100vw, 960px\" \/>\t\t\t\t\t\t\t\t\t\t\t\t\t\t\t<\/div>\n\t\t\t\t<\/div>\n\t\t\t\t<\/div>\n\t\t\t\t<\/div>\n\t\t<div class=\"elementor-element elementor-element-43d87c3 e-con-full e-flex e-con e-child\" data-id=\"43d87c3\" data-element_type=\"container\" data-e-type=\"container\">\n\t\t<div class=\"elementor-element elementor-element-d48cebf e-con-full e-flex e-con e-child\" data-id=\"d48cebf\" data-element_type=\"container\" data-e-type=\"container\">\n\t\t\t\t<div class=\"elementor-element elementor-element-d642348 elementor-widget elementor-widget-text-editor\" data-id=\"d642348\" data-element_type=\"widget\" data-e-type=\"widget\" data-widget_type=\"text-editor.default\">\n\t\t\t\t<div class=\"elementor-widget-container\">\n\t\t\t\t\t\t\t\t\t<p>A Comiss\u00e3o Permanente Acess\u00edvel e Inclusiva do Centro Multidisciplinar UFRJ-Maca\u00e9 (CPAI UFRJ-Maca\u00e9) tem como objetivo principal fazer o acolhimento da Pessoa com Defici\u00eancia (PcD) a fim de garantir a sua acessibilidade e inclus\u00e3o. A CPAI \u00e9 uma inst\u00e2ncia consultiva, vinculada \u00e0 Decania do Centro Multidisciplinar UFRJ-Maca\u00e9. A Comiss\u00e3o estuda leis, estatutos e resolu\u00e7\u00f5es sobre o tema PcD, bem como participa, por meio de representante, das discuss\u00f5es abordadas nas Plen\u00e1rias do F\u00f3rum Permanente UFRJ Acess\u00edvel e Inclusiva (F-PAI), realizadas na Reitoria da UFRJ, na Ilha do Fund\u00e3o, entre outros espa\u00e7os institucionais. Acompanha a matr\u00edcula das PcD na UFRJ Maca\u00e9, bem como a inser\u00e7\u00e3o e progresso destes e destas estudantes no decorrer do curso. Realiza o levantamento da infraestrutura e recursos humanos do Campus que atendem ou n\u00e3o as necessidades do seu corpo social (discentes, docentes e t\u00e9cnicos), de maneira a promover acessibilidade e inclus\u00e3o, para encaminhar \u00e0 Decania do Campus, dentre outras atribui\u00e7\u00f5es. Foi criada por meio da portaria n\u00ba 3332, de 11 de abril de 2018, e atualmente \u00e9 composta pelos seguintes membros, integrantes da UFRJ-Maca\u00e9:<\/p>\t\t\t\t\t\t\t\t<\/div>\n\t\t\t\t<\/div>\n\t\t\t\t<\/div>\n\t\t\t\t<\/div>\n\t\t<div class=\"elementor-element elementor-element-53deb0a e-con-full e-flex e-con e-child\" data-id=\"53deb0a\" data-element_type=\"container\" data-e-type=\"container\">\n\t\t<div class=\"elementor-element elementor-element-8a30e81 e-con-full e-flex e-con e-child\" data-id=\"8a30e81\" data-element_type=\"container\" data-e-type=\"container\">\n\t\t\t\t<div class=\"elementor-element elementor-element-459d333 elementor-widget elementor-widget-text-editor\" data-id=\"459d333\" data-element_type=\"widget\" data-e-type=\"widget\" data-widget_type=\"text-editor.default\">\n\t\t\t\t<div class=\"elementor-widget-container\">\n\t\t\t\t\t\t\t\t\t<p><strong>President<\/strong><br \/>Cherrine Kelce Pires, Docente \u2013 Instituto Multidisciplinar de Qu\u00edmica<\/p><p><strong>Vice-President<\/strong><br \/>Denise Oliveira Guimar\u00e3es, Docente \u2013 Instituto de Ci\u00eancias Farmac\u00eauticas<\/p><p><strong>Membros Docentes de Gradua\u00e7\u00e3o<\/strong><br \/>D\u00e9borah Machado dos Santos, Docente \u2013 Instituto de Enfermagem<br \/>Ester Vit\u00f3ria Bas\u00edlio Anchieta, Docente \u2013 Instituto Multidisciplinar de Qu\u00edmica<br \/>In\u00eas Leoneza de Souza, Docente \u2013 Instituto de Enfermagem<br \/>Maria Fernanda Larcher de Almeida, Docente \u2013 Instituto de Alimenta\u00e7\u00e3o e Nutri\u00e7\u00e3o<br \/>Val\u00e9ria Nunes Belmonte, Docente \u2013 Instituto Polit\u00e9cnico<\/p>\t\t\t\t\t\t\t\t<\/div>\n\t\t\t\t<\/div>\n\t\t\t\t<\/div>\n\t\t<div class=\"elementor-element elementor-element-afe49ce e-con-full e-flex e-con e-child\" data-id=\"afe49ce\" data-element_type=\"container\" data-e-type=\"container\">\n\t\t\t\t<div class=\"elementor-element elementor-element-c6c7d7c elementor-widget elementor-widget-text-editor\" data-id=\"c6c7d7c\" data-element_type=\"widget\" data-e-type=\"widget\" data-widget_type=\"text-editor.default\">\n\t\t\t\t<div class=\"elementor-widget-container\">\n\t\t\t\t\t\t\t\t\t<p><strong>Membro Docente P\u00f3s-Gradua\u00e7\u00e3o<\/strong><br \/>Nelilma Correia Romeiro, Docente do Programa de P\u00f3s-Gradua\u00e7\u00e3o em Produtos Bioativos e Bioci\u00eancias \u2013 PPGProdBIO<\/p><p><strong>Membros Discentes de Gradua\u00e7\u00e3o<\/strong><br \/>Maria Ingrid Neves de Azevedo, Discente &#8211; Instituto de Ci\u00eancias M\u00e9dicas<\/p><p>Aline Lacerda Quintino Resende, Discente &#8211; Instituto Ci\u00eancias Farmac\u00eauticas<\/p><p><strong>Membro Volunt\u00e1rio<\/strong><br \/>Mois\u00e9s Pires Teixeira, Discente de P\u00f3s-gradua\u00e7\u00e3o \u2013 Instituto de Biodiversidade e Sustentabilidade &#8211; NUPEM<\/p><p><strong>Membro Consultivo<\/strong><br \/>Jane de Carlos Santana Capelli, Docente \u2013 Instituto de Alimenta\u00e7\u00e3o e Nutri\u00e7\u00e3o<\/p>\t\t\t\t\t\t\t\t<\/div>\n\t\t\t\t<\/div>\n\t\t\t\t<\/div>\n\t\t\t\t<\/div>\n\t\t<div class=\"elementor-element elementor-element-e420851 e-con-full e-flex e-con e-child\" data-id=\"e420851\" data-element_type=\"container\" data-e-type=\"container\">\n\t\t<div class=\"elementor-element elementor-element-4d49c4d e-con-full e-flex e-con e-child\" data-id=\"4d49c4d\" data-element_type=\"container\" data-e-type=\"container\">\n\t\t\t\t<div class=\"elementor-element elementor-element-ea2b088 elementor-widget elementor-widget-eael-adv-accordion\" data-id=\"ea2b088\" data-element_type=\"widget\" data-e-type=\"widget\" data-widget_type=\"eael-adv-accordion.default\">\n\t\t\t\t<div class=\"elementor-widget-container\">\n\t\t\t\t\t            <div class=\"eael-adv-accordion\" id=\"eael-adv-accordion-ea2b088\" data-scroll-on-click=\"no\" data-scroll-speed=\"300\" data-accordion-id=\"ea2b088\" data-accordion-type=\"accordion\" data-toogle-speed=\"300\">\n            <div class=\"eael-accordion-list\">\n\t\t\t\t\t<div id=\"fluxo-interno-de-demandas-acadmicas-para-estudantes-com-deficincia\" class=\"elementor-tab-title eael-accordion-header\" tabindex=\"0\" data-tab=\"1\" aria-controls=\"elementor-tab-content-2451\"><span class=\"eael-advanced-accordion-icon-closed\"><i aria-hidden=\"true\" class=\"fa-accordion-icon fas fa-plus\"><\/i><\/span><span class=\"eael-advanced-accordion-icon-opened\"><i aria-hidden=\"true\" class=\"fa-accordion-icon fas fa-minus\"><\/i><\/span><span class=\"eael-accordion-tab-title\">Fluxo Interno de Demandas Acad\u00eamicas para Estudantes com Defici\u00eancia<\/span><i aria-hidden=\"true\" class=\"fa-toggle fas fa-angle-right\"><\/i><\/div><div id=\"elementor-tab-content-2451\" class=\"eael-accordion-content clearfix\" data-tab=\"1\" aria-labelledby=\"fluxo-interno-de-demandas-acadmicas-para-estudantes-com-deficincia\"><p style=\"text-align: center\"><img decoding=\"async\" class=\"alignnone size-full wp-image-14912\" src=\"https:\/\/portal.macae.ufrj.br\/wp-content\/uploads\/2025\/06\/Fluxo-Interno.png\" alt=\"\" width=\"1920\" height=\"1080\" srcset=\"https:\/\/portal.macae.ufrj.br\/wp-content\/uploads\/2025\/06\/Fluxo-Interno.png 1920w, https:\/\/portal.macae.ufrj.br\/wp-content\/uploads\/2025\/06\/Fluxo-Interno-768x432.png 768w, https:\/\/portal.macae.ufrj.br\/wp-content\/uploads\/2025\/06\/Fluxo-Interno-1536x864.png 1536w, https:\/\/portal.macae.ufrj.br\/wp-content\/uploads\/2025\/06\/Fluxo-Interno-18x10.png 18w\" sizes=\"(max-width: 1920px) 100vw, 1920px\" \/><\/p><\/div>\n\t\t\t\t\t<\/div><div class=\"eael-accordion-list\">\n\t\t\t\t\t<div id=\"formulrio-socioeducativo\" class=\"elementor-tab-title eael-accordion-header\" tabindex=\"0\" data-tab=\"2\" aria-controls=\"elementor-tab-content-2452\"><span class=\"eael-advanced-accordion-icon-closed\"><i aria-hidden=\"true\" class=\"fa-accordion-icon fas fa-plus\"><\/i><\/span><span class=\"eael-advanced-accordion-icon-opened\"><i aria-hidden=\"true\" class=\"fa-accordion-icon fas fa-minus\"><\/i><\/span><span class=\"eael-accordion-tab-title\">Formul\u00e1rio Socioeducativo<\/span><i aria-hidden=\"true\" class=\"fa-toggle fas fa-angle-right\"><\/i><\/div><div id=\"elementor-tab-content-2452\" class=\"eael-accordion-content clearfix\" data-tab=\"2\" aria-labelledby=\"formulrio-socioeducativo\"><div><div><span style=\"font-size: 16px\">A Comiss\u00e3o Permanente Acess\u00edvel e Inclusiva (CPAI) est\u00e1 fazendo um levantamento socioeducativo dos discentes, t\u00e9cnicos e docentes com defici\u00eancia, para que possamos estabelecer a\u00e7\u00f5es efetivas de atendimento, assim como acompanhamento adequado a todo corpo social do CM UFRJ-Maca\u00e9.<\/span><\/div><div>\u00a0<\/div><\/div><div><a href=\"https:\/\/docs.google.com\/forms\/d\/e\/1FAIpQLSdDz48qYuWSrRawIHZEA4UVq92a5m_hBk9aCzKflbadiqvPbg\/viewform\" target=\"_blank\" rel=\"noopener\">Clique aqui<\/a> para acessar o formul\u00e1rio.<\/div><div><div>\u00a0<\/div><\/div><div><p>Em caso de d\u00favidas poder\u00e1 solicitar informa\u00e7\u00f5es no e-mail:\u00a0ufrjinclusiva@macae.ufrj.br<\/p><\/div><\/div>\n\t\t\t\t\t<\/div><div class=\"eael-accordion-list\">\n\t\t\t\t\t<div id=\"legislao\" class=\"elementor-tab-title eael-accordion-header\" tabindex=\"0\" data-tab=\"3\" aria-controls=\"elementor-tab-content-2453\"><span class=\"eael-advanced-accordion-icon-closed\"><i aria-hidden=\"true\" class=\"fa-accordion-icon fas fa-plus\"><\/i><\/span><span class=\"eael-advanced-accordion-icon-opened\"><i aria-hidden=\"true\" class=\"fa-accordion-icon fas fa-minus\"><\/i><\/span><span class=\"eael-accordion-tab-title\">Legisla\u00e7\u00e3o<\/span><i aria-hidden=\"true\" class=\"fa-toggle fas fa-angle-right\"><\/i><\/div><div id=\"elementor-tab-content-2453\" class=\"eael-accordion-content clearfix\" data-tab=\"3\" aria-labelledby=\"legislao\"><p><a href=\"https:\/\/www.planalto.gov.br\/ccivil_03\/_Ato2023-2026\/2024\/Lei\/L14914.htm\" target=\"_blank\" rel=\"noopener\">Acesse aqui<\/a> a Lei n\u00ba 14.914, de 3 de julho de 2024, que institui a Pol\u00edtica Nacional de Assist\u00eancia Estudantil (PNAES).<\/p><\/div>\n\t\t\t\t\t<\/div><div class=\"eael-accordion-list\">\n\t\t\t\t\t<div id=\"publicaes\" class=\"elementor-tab-title eael-accordion-header\" tabindex=\"0\" data-tab=\"4\" aria-controls=\"elementor-tab-content-2454\"><span class=\"eael-advanced-accordion-icon-closed\"><i aria-hidden=\"true\" class=\"fa-accordion-icon fas fa-plus\"><\/i><\/span><span class=\"eael-advanced-accordion-icon-opened\"><i aria-hidden=\"true\" class=\"fa-accordion-icon fas fa-minus\"><\/i><\/span><span class=\"eael-accordion-tab-title\">Publica\u00e7\u00f5es<\/span><i aria-hidden=\"true\" class=\"fa-toggle fas fa-angle-right\"><\/i><\/div><div id=\"elementor-tab-content-2454\" class=\"eael-accordion-content clearfix\" data-tab=\"4\" aria-labelledby=\"publicaes\"><p><a href=\"https:\/\/portal.macae.ufrj.br\/wp-content\/uploads\/2025\/04\/Portaria_de_Pessoal_5347369.pdf\" target=\"_blank\" rel=\"noopener\">Acesse aqui<\/a> a portaria de nomea\u00e7\u00e3o dos membros da CPAI.<\/p><\/div>\n\t\t\t\t\t<\/div><div class=\"eael-accordion-list\">\n\t\t\t\t\t<div id=\"regimento\" class=\"elementor-tab-title eael-accordion-header\" tabindex=\"0\" data-tab=\"5\" aria-controls=\"elementor-tab-content-2455\"><span class=\"eael-advanced-accordion-icon-closed\"><i aria-hidden=\"true\" class=\"fa-accordion-icon fas fa-plus\"><\/i><\/span><span class=\"eael-advanced-accordion-icon-opened\"><i aria-hidden=\"true\" class=\"fa-accordion-icon fas fa-minus\"><\/i><\/span><span class=\"eael-accordion-tab-title\">Regimento<\/span><i aria-hidden=\"true\" class=\"fa-toggle fas fa-angle-right\"><\/i><\/div><div id=\"elementor-tab-content-2455\" class=\"eael-accordion-content clearfix\" data-tab=\"5\" aria-labelledby=\"regimento\"><p><a href=\"https:\/\/portal.macae.ufrj.br\/wp-content\/uploads\/2022\/08\/Regimento-CPAI.pdf\" target=\"_blank\" rel=\"noopener\">Acesse aqui<\/a> o Regimento da CPAI aprovado pela Resolu\u00e7\u00e3o UFRJ-MACA\u00c9\/CDP\/UFRJ N\u00ba 103, de 15 de agosto de 2022.<\/p><\/div>\n\t\t\t\t\t<\/div><div class=\"eael-accordion-list\">\n\t\t\t\t\t<div id=\"ofcios-sgaadadirac\" class=\"elementor-tab-title eael-accordion-header\" tabindex=\"0\" data-tab=\"6\" aria-controls=\"elementor-tab-content-2456\"><span class=\"eael-advanced-accordion-icon-closed\"><i aria-hidden=\"true\" class=\"fa-accordion-icon fas fa-plus\"><\/i><\/span><span class=\"eael-advanced-accordion-icon-opened\"><i aria-hidden=\"true\" class=\"fa-accordion-icon fas fa-minus\"><\/i><\/span><span class=\"eael-accordion-tab-title\">Of\u00edcios SGAADA\/DIRAC<\/span><i aria-hidden=\"true\" class=\"fa-toggle fas fa-angle-right\"><\/i><\/div><div id=\"elementor-tab-content-2456\" class=\"eael-accordion-content clearfix\" data-tab=\"6\" aria-labelledby=\"ofcios-sgaadadirac\"><p><a href=\"https:\/\/portal.macae.ufrj.br\/wp-content\/uploads\/2026\/02\/Oficio_Circular_6287143.pdf\" target=\"_blank\" rel=\"noopener\">ACESSE AQUI o Of\u00edcio Circular n\u00ba 2\/2026 &#8211; SGAADA\/DIRAC &#8211; Orienta\u00e7\u00f5es sobre acessibilidade em eventos.<\/a><\/p><p><a href=\"https:\/\/portal.macae.ufrj.br\/wp-content\/uploads\/2025\/11\/CPAI-Oficio-Circular-no-72025-SGAADADIRAC-Solicitacoes-de-adaptacoes-feitas-a-Diretoria-de-Acessibilidade-DIRAC.pdf\" target=\"_blank\" rel=\"noopener\">ACESSE AQUI o Of\u00edcio Circular n\u00ba 7\/2025 &#8211; SGAADA\/DIRAC &#8211; Solicita\u00e7\u00f5es de adapta\u00e7\u00f5es feitas \u00e0 Diretoria de Acessibilidade (DIRAC).<\/a><\/p><p><a href=\"https:\/\/portal.macae.ufrj.br\/wp-content\/uploads\/2025\/11\/CPAI-Oficio-Circular-no-72025-SGAADADIRAC-Anexo-1-Orientacoes-Entrevista-COAA.pdf\" target=\"_blank\" rel=\"noopener\">ACESSE AQUI o Anexo 1 &#8211; Orienta\u00e7\u00f5es Entrevista COAA.<\/a><\/p><p><a href=\"https:\/\/portal.macae.ufrj.br\/wp-content\/uploads\/2025\/11\/CPAI-Oficio-Circular-no-72025-SGAADADIRAC-Anexo-2-Estudantes-Monitores-em-Acessibilidade-e-Inclusao-EMAI.pdf\" target=\"_blank\" rel=\"noopener\">ACESSE AQUI o Anexo 2 &#8211; Estudantes Monitores em Acessibilidade e Inclus\u00e3o (EMAI).<\/a><\/p><\/div>\n\t\t\t\t\t<\/div><div class=\"eael-accordion-list\">\n\t\t\t\t\t<div id=\"orientaes-para-solicitao-de-intrprete-de-libras-conforme-o-ofcio-circular-n-22026-sgaadadirac\" class=\"elementor-tab-title eael-accordion-header\" tabindex=\"0\" data-tab=\"7\" aria-controls=\"elementor-tab-content-2457\"><span class=\"eael-advanced-accordion-icon-closed\"><i aria-hidden=\"true\" class=\"fa-accordion-icon fas fa-plus\"><\/i><\/span><span class=\"eael-advanced-accordion-icon-opened\"><i aria-hidden=\"true\" class=\"fa-accordion-icon fas fa-minus\"><\/i><\/span><span class=\"eael-accordion-tab-title\">Orienta\u00e7\u00f5es para Solicita\u00e7\u00e3o de Int\u00e9rprete de Libras - Conforme o Of\u00edcio Circular n\u00ba 2\/2026 - SGAADA\/DIRAC<\/span><i aria-hidden=\"true\" class=\"fa-toggle fas fa-angle-right\"><\/i><\/div><div id=\"elementor-tab-content-2457\" class=\"eael-accordion-content clearfix\" data-tab=\"7\" aria-labelledby=\"orientaes-para-solicitao-de-intrprete-de-libras-conforme-o-ofcio-circular-n-22026-sgaadadirac\"><p><span><span class=\"citation-63\">O servi\u00e7o \u00e9 realizado por meio de presta\u00e7\u00e3o terceirizada e est\u00e1 sujeito \u00e0 disponibilidade or\u00e7ament\u00e1ria e contratual<\/span><\/span><span>. <\/span><span><span class=\"citation-62\">Atualmente, a prioridade de atendimento \u00e9 para estudantes de gradua\u00e7\u00e3o e p\u00f3s-gradua\u00e7\u00e3o em sala de aula<\/span><\/span><span>. <\/span><span><span class=\"citation-61\">A participa\u00e7\u00e3o em eventos ocorrer\u00e1 <\/span><b><span class=\"citation-61\">apenas se houver disponibilidade<\/span><\/b><span class=\"citation-61\"> na agenda dos profissionais<\/span><\/span><span>.<\/span><\/p><h3>Procedimentos e Prazos<\/h3><ul><li><p><span><b><span class=\"citation-60\">Abertura de Processo:<\/span><\/b><span class=\"citation-60\"> Deve ser feito via SEI, utilizando o tipo de processo &#8220;Diversidade e Inclus\u00e3o: Solicita\u00e7\u00e3o do Servi\u00e7o de Tradu\u00e7\u00e3o e Interpreta\u00e7\u00e3o em Libras\/Portugu\u00eas&#8221;<\/span><\/span><\/p><\/li><li><p><span><b><span class=\"citation-59\">Destino:<\/span><\/b><span class=\"citation-59\"> O processo deve ser encaminhado para a unidade <\/span><b><span class=\"citation-59\">SGAADA\/DIRAC<\/span><\/b><\/span><span>.<\/span><\/p><\/li><li><p><span><b><span class=\"citation-58\">Anteced\u00eancia M\u00ednima:<\/span><\/b><span class=\"citation-58\"> O pedido deve ser realizado com, no m\u00ednimo, <\/span><b><span class=\"citation-58\">05 (cinco) dias \u00fateis<\/span><\/b><span class=\"citation-58\"> de anteced\u00eancia<\/span><\/span><span>.<\/span><\/p><\/li><li><p><span><b><span class=\"citation-57\">Informa\u00e7\u00f5es:<\/span><\/b><span class=\"citation-57\"> O processo deve conter todas as informa\u00e7\u00f5es descritas na &#8220;base de conhecimento&#8221; do SEI para este tipo processual<\/span><\/span><span>.<\/span><\/p><\/li><\/ul><h3>Condi\u00e7\u00f5es ap\u00f3s a Confirma\u00e7\u00e3o do Servi\u00e7o<\/h3><p>Caso a DIRAC confirme a disponibilidade dos int\u00e9rpretes, o solicitante deve cumprir os seguintes requisitos:<\/p><ul><li><p><span><b><span class=\"citation-56\">Envio de Material de Apoio:<\/span><\/b><span class=\"citation-56\"> Encaminhar documentos e materiais informativos para a prepara\u00e7\u00e3o dos profissionais pelo e-mail <\/span><b><span class=\"citation-56\">librasdirac@sgaada.ufrj.br<\/span><\/b><\/span><span>.<\/span><\/p><ul><li><p><span><b><span class=\"citation-55\">Eventos gerais:<\/span><\/b><span class=\"citation-55\"> At\u00e9 05 dias \u00fateis antes<\/span><\/span><span>.<\/span><\/p><\/li><li><p><span><b><span class=\"citation-54\">Bancas (TCC, Mestrado ou Doutorado):<\/span><\/b><span class=\"citation-54\"> At\u00e9 10 dias \u00fateis antes<\/span><\/span><span>.<\/span><\/p><\/li><\/ul><\/li><li><p><span><b><span class=\"citation-53\">Presen\u00e7a ou Grava\u00e7\u00e3o:<\/span><\/b><span class=\"citation-53\"> Os int\u00e9rpretes s\u00f3 atuar\u00e3o se houver <\/span><b><span class=\"citation-53\">confirma\u00e7\u00e3o de participantes surdos<\/span><\/b><span class=\"citation-53\"> ou se o evento for <\/span><b><span class=\"citation-53\">gravado\/transmitido<\/span><\/b><span class=\"citation-53\"> com janela de int\u00e9rprete e c\u00e2mera exclusiva para o profissional<\/span><\/span><span>.<\/span><\/p><\/li><li><p><span><b><span class=\"citation-52\">Toler\u00e2ncia:<\/span><\/b><span class=\"citation-52\"> Na aus\u00eancia de surdos ou filmagem, os int\u00e9rpretes aguardar\u00e3o por apenas <\/span><b><span class=\"citation-52\">30 minutos<\/span><\/b><span class=\"citation-52\"> ap\u00f3s o in\u00edcio previsto<\/span><\/span><span>.<\/span><\/p><\/li><li><p><span><b><span class=\"citation-51\">Altera\u00e7\u00f5es:<\/span><\/b><span class=\"citation-51\"> Qualquer cancelamento ou mudan\u00e7a de hor\u00e1rio deve ser comunicado imediatamente \u00e0 DIRAC por e-mail<\/span><\/span><span>.<\/span><\/p><\/li><\/ul><hr \/><p><b>Canais de Apoio:<\/b><\/p><ul><li><p><span><b><span class=\"citation-50\">D\u00favidas sobre int\u00e9rpretes:<\/span><\/b><span class=\"citation-50\"> librasdirac@sgaada.ufrj.br<\/span><\/span><span>.<\/span><\/p><\/li><li><p id=\"p-rc_3169aa22d4669b97-44\"><span><b><span class=\"citation-49 interactive-span-hovered\">D\u00favidas gerais de acessibilidade:<\/span><\/b><span class=\"citation-49 interactive-span-hovered\"> dirac@sgaada.ufrj.br<\/span><\/span><span>.<\/span><\/p><\/li><\/ul><p>Fonte da Informa\u00e7\u00e3o:\u00a0<a href=\"https:\/\/portal.macae.ufrj.br\/wp-content\/uploads\/2026\/02\/Oficio_Circular_6287143.pdf\" target=\"_blank\" rel=\"noopener\">Of\u00edcio Circular n\u00ba 2\/2026 &#8211; SGAADA\/DIRAC &#8211; Orienta\u00e7\u00f5es sobre acessibilidade em eventos.<\/a><\/p><p>\u00a0<\/p><\/div>\n\t\t\t\t\t<\/div><\/div>\t\t\t\t<\/div>\n\t\t\t\t<\/div>\n\t\t\t\t<\/div>\n\t\t\t\t<\/div>\n\t\t<div class=\"elementor-element elementor-element-2929468 e-con-full e-flex e-con e-child\" data-id=\"2929468\" data-element_type=\"container\" data-e-type=\"container\">\n\t\t<div class=\"elementor-element elementor-element-b566f42 e-grid e-con-full e-con e-child\" data-id=\"b566f42\" data-element_type=\"container\" data-e-type=\"container\">\n\t\t\t\t<div class=\"elementor-element elementor-element-0a6683f elementor-widget elementor-widget-image\" data-id=\"0a6683f\" data-element_type=\"widget\" data-e-type=\"widget\" data-widget_type=\"image.default\">\n\t\t\t\t<div class=\"elementor-widget-container\">\n\t\t\t\t\t\t\t\t\t\t\t\t\t\t\t<img decoding=\"async\" width=\"1080\" height=\"1350\" src=\"https:\/\/portal.macae.ufrj.br\/wp-content\/uploads\/2025\/08\/Plantao-Post.jpeg\" class=\"attachment-large size-large wp-image-15332\" alt=\"\" srcset=\"https:\/\/portal.macae.ufrj.br\/wp-content\/uploads\/2025\/08\/Plantao-Post.jpeg 1080w, https:\/\/portal.macae.ufrj.br\/wp-content\/uploads\/2025\/08\/Plantao-Post-768x960.jpeg 768w, https:\/\/portal.macae.ufrj.br\/wp-content\/uploads\/2025\/08\/Plantao-Post-10x12.jpeg 10w\" sizes=\"(max-width: 1080px) 100vw, 1080px\" \/>\t\t\t\t\t\t\t\t\t\t\t\t\t\t\t<\/div>\n\t\t\t\t<\/div>\n\t\t\t\t<div class=\"elementor-element elementor-element-b57e0a9 elementor-widget elementor-widget-text-editor\" data-id=\"b57e0a9\" data-element_type=\"widget\" data-e-type=\"widget\" data-widget_type=\"text-editor.default\">\n\t\t\t\t<div class=\"elementor-widget-container\">\n\t\t\t\t\t\t\t\t\t<p style=\"text-align: left;\"><strong>\ud83d\udce2 Plant\u00e3o CPAI UFRJ-Maca\u00e9 .<\/strong><\/p><p>A CPAI UFRJ-Maca\u00e9 realiza plant\u00f5es peri\u00f3dicos ao longo do ano, com o objetivo de oferecer atendimento e orienta\u00e7\u00e3o sobre acessibilidade e inclus\u00e3o no ambiente acad\u00eamico.<\/p><p><br \/>Os plant\u00f5es s\u00e3o destinados a todo o corpo social, discentes, docentes e t\u00e9cnicos-administrativos, com o prop\u00f3sito de fortalecer a promo\u00e7\u00e3o de um espa\u00e7o institucional cada vez mais acess\u00edvel e inclusivo.<\/p><p>As datas e os hor\u00e1rios dos plant\u00f5es s\u00e3o divulgados no perfil oficial da CPAI no Instagram: @cpaiufrj.<\/p><p><br \/>Se voc\u00ea precisa de informa\u00e7\u00f5es, orienta\u00e7\u00e3o ou deseja dialogar sobre quest\u00f5es relacionadas \u00e0 acessibilidade, participe dos plant\u00f5es!\u00a0<br \/>Sua presen\u00e7a \u00e9 muito bem-vinda.<\/p><p><br \/>Atenciosamente,<br \/>CPAI UFRJ-Maca\u00e9<\/p>\t\t\t\t\t\t\t\t<\/div>\n\t\t\t\t<\/div>\n\t\t\t\t<\/div>\n\t\t\t\t<\/div>\n\t\t<div class=\"elementor-element elementor-element-d5dfd0e e-con-full e-flex e-con e-child\" data-id=\"d5dfd0e\" data-element_type=\"container\" data-e-type=\"container\">\n\t\t\t\t<div class=\"elementor-element elementor-element-6d70c97 elementor-widget elementor-widget-spacer\" data-id=\"6d70c97\" data-element_type=\"widget\" data-e-type=\"widget\" data-widget_type=\"spacer.default\">\n\t\t\t\t<div class=\"elementor-widget-container\">\n\t\t\t\t\t\t\t<div class=\"elementor-spacer\">\n\t\t\t<div class=\"elementor-spacer-inner\"><\/div>\n\t\t<\/div>\n\t\t\t\t\t\t<\/div>\n\t\t\t\t<\/div>\n\t\t\t\t<\/div>\n\t\t<div class=\"elementor-element elementor-element-25071d4 e-con-full e-flex e-con e-child\" data-id=\"25071d4\" data-element_type=\"container\" data-e-type=\"container\">\n\t\t<div class=\"elementor-element elementor-element-a082ac2 e-con-full e-flex e-con e-child\" data-id=\"a082ac2\" data-element_type=\"container\" data-e-type=\"container\">\n\t\t\t\t<div class=\"elementor-element elementor-element-9561b62 elementor-widget elementor-widget-image\" data-id=\"9561b62\" data-element_type=\"widget\" data-e-type=\"widget\" data-widget_type=\"image.default\">\n\t\t\t\t<div class=\"elementor-widget-container\">\n\t\t\t\t\t\t\t\t\t\t\t\t\t\t\t\t<a href=\"https:\/\/instagram.com\/cpaiufrj?igshid=YmMyMTA2M2Y=\" target=\"_blank\">\n\t\t\t\t\t\t\t<img loading=\"lazy\" decoding=\"async\" width=\"1200\" height=\"1129\" src=\"https:\/\/portal.macae.ufrj.br\/wp-content\/uploads\/2022\/08\/simbolo-instagram-branco.png\" class=\"attachment-large size-large wp-image-5274\" alt=\"\" srcset=\"https:\/\/portal.macae.ufrj.br\/wp-content\/uploads\/2022\/08\/simbolo-instagram-branco.png 1889w, https:\/\/portal.macae.ufrj.br\/wp-content\/uploads\/2022\/08\/simbolo-instagram-branco-768x722.png 768w, https:\/\/portal.macae.ufrj.br\/wp-content\/uploads\/2022\/08\/simbolo-instagram-branco-1536x1445.png 1536w, https:\/\/portal.macae.ufrj.br\/wp-content\/uploads\/2022\/08\/simbolo-instagram-branco-13x12.png 13w\" sizes=\"(max-width: 1200px) 100vw, 1200px\" \/>\t\t\t\t\t\t\t\t<\/a>\n\t\t\t\t\t\t\t\t\t\t\t\t\t\t\t<\/div>\n\t\t\t\t<\/div>\n\t\t\t\t<\/div>\n\t\t<div class=\"elementor-element elementor-element-8d89377 e-con-full e-flex e-con e-child\" data-id=\"8d89377\" data-element_type=\"container\" data-e-type=\"container\">\n\t\t\t\t<div class=\"elementor-element elementor-element-2b8d186 elementor-widget elementor-widget-text-editor\" data-id=\"2b8d186\" data-element_type=\"widget\" data-e-type=\"widget\" data-widget_type=\"text-editor.default\">\n\t\t\t\t<div class=\"elementor-widget-container\">\n\t\t\t\t\t\t\t\t\t<p><b>Acompanhe a CPAI nas redes sociais:<\/b><\/p><p><b>Instagram @cpaiufrj<\/b><\/p>\t\t\t\t\t\t\t\t<\/div>\n\t\t\t\t<\/div>\n\t\t\t\t<\/div>\n\t\t<div class=\"elementor-element elementor-element-917cba6 e-con-full e-flex e-con e-child\" data-id=\"917cba6\" data-element_type=\"container\" data-e-type=\"container\">\n\t\t\t\t<div class=\"elementor-element elementor-element-ad77ee2 elementor-widget elementor-widget-image\" data-id=\"ad77ee2\" data-element_type=\"widget\" data-e-type=\"widget\" data-widget_type=\"image.default\">\n\t\t\t\t<div class=\"elementor-widget-container\">\n\t\t\t\t\t\t\t\t\t\t\t\t\t\t\t<img loading=\"lazy\" decoding=\"async\" width=\"454\" height=\"327\" src=\"https:\/\/portal.macae.ufrj.br\/wp-content\/uploads\/2022\/08\/Flat-Style-Message-Logo-2.png\" class=\"attachment-large size-large wp-image-5275\" alt=\"\" srcset=\"https:\/\/portal.macae.ufrj.br\/wp-content\/uploads\/2022\/08\/Flat-Style-Message-Logo-2.png 454w, https:\/\/portal.macae.ufrj.br\/wp-content\/uploads\/2022\/08\/Flat-Style-Message-Logo-2-18x12.png 18w\" sizes=\"(max-width: 454px) 100vw, 454px\" \/>\t\t\t\t\t\t\t\t\t\t\t\t\t\t\t<\/div>\n\t\t\t\t<\/div>\n\t\t\t\t<\/div>\n\t\t<div class=\"elementor-element elementor-element-8c07bb6 e-con-full e-flex e-con e-child\" data-id=\"8c07bb6\" data-element_type=\"container\" data-e-type=\"container\">\n\t\t\t\t<div class=\"elementor-element elementor-element-c1f767c elementor-widget elementor-widget-text-editor\" data-id=\"c1f767c\" data-element_type=\"widget\" data-e-type=\"widget\" data-widget_type=\"text-editor.default\">\n\t\t\t\t<div class=\"elementor-widget-container\">\n\t\t\t\t\t\t\t\t\t<p><strong>E-mail da CPAI:<\/strong><\/p><p><strong> ufrjinclusiva@macae.ufrj.br<\/strong><\/p>\t\t\t\t\t\t\t\t<\/div>\n\t\t\t\t<\/div>\n\t\t\t\t<\/div>\n\t\t\t\t<\/div>\n\t\t\t\t<\/div>\n\t\t\t\t\t<\/div>\n\t\t\t\t<\/div>\n\t\t<div class=\"elementor-element elementor-element-5034747 e-flex e-con-boxed e-con e-parent\" data-id=\"5034747\" data-element_type=\"container\" data-e-type=\"container\">\n\t\t\t\t\t<div class=\"e-con-inner\">\n\t\t<div class=\"elementor-element elementor-element-211b3bb e-con-full e-flex e-con e-child\" data-id=\"211b3bb\" data-element_type=\"container\" data-e-type=\"container\">\n\t\t\t\t<div class=\"elementor-element elementor-element-f559930 elementor-widget elementor-widget-spacer\" data-id=\"f559930\" data-element_type=\"widget\" data-e-type=\"widget\" data-widget_type=\"spacer.default\">\n\t\t\t\t<div class=\"elementor-widget-container\">\n\t\t\t\t\t\t\t<div class=\"elementor-spacer\">\n\t\t\t<div class=\"elementor-spacer-inner\"><\/div>\n\t\t<\/div>\n\t\t\t\t\t\t<\/div>\n\t\t\t\t<\/div>\n\t\t\t\t<\/div>\n\t\t\t\t\t<\/div>\n\t\t\t\t<\/div>\n\t\t\t\t<\/div>","protected":false},"excerpt":{"rendered":"<p>Comiss\u00e3o Permanente Acess\u00edvel e Inclusiva do Centro Multidisciplinar UFRJ &#8211; Maca\u00e9 (CPAI\/UFRJ-Maca\u00e9) A Comiss\u00e3o Permanente Acess\u00edvel e Inclusiva do Centro Multidisciplinar UFRJ-Maca\u00e9 (CPAI UFRJ-Maca\u00e9) tem como objetivo principal fazer o acolhimento da Pessoa com Defici\u00eancia (PcD) a fim de garantir a sua acessibilidade e inclus\u00e3o. A CPAI \u00e9 uma inst\u00e2ncia consultiva, vinculada \u00e0 Decania do [&hellip;]<\/p>\n","protected":false},"author":6,"featured_media":0,"parent":0,"menu_order":0,"comment_status":"closed","ping_status":"closed","template":"","meta":{"_uag_custom_page_level_css":"","site-sidebar-layout":"no-sidebar","site-content-layout":"page-builder","ast-site-content-layout":"default","site-content-style":"default","site-sidebar-style":"default","ast-global-header-display":"","ast-banner-title-visibility":"","ast-main-header-display":"","ast-hfb-above-header-display":"","ast-hfb-below-header-display":"","ast-hfb-mobile-header-display":"","site-post-title":"disabled","ast-breadcrumbs-content":"","ast-featured-img":"disabled","footer-sml-layout":"","ast-disable-related-posts":"","theme-transparent-header-meta":"","adv-header-id-meta":"","stick-header-meta":"","header-above-stick-meta":"","header-main-stick-meta":"","header-below-stick-meta":"","astra-migrate-meta-layouts":"default","ast-page-background-enabled":"default","ast-page-background-meta":{"desktop":{"background-color":"var(--ast-global-color-4)","background-image":"","background-repeat":"repeat","background-position":"center center","background-size":"auto","background-attachment":"scroll","background-type":"","background-media":"","overlay-type":"","overlay-color":"","overlay-opacity":"","overlay-gradient":""},"tablet":{"background-color":"","background-image":"","background-repeat":"repeat","background-position":"center center","background-size":"auto","background-attachment":"scroll","background-type":"","background-media":"","overlay-type":"","overlay-color":"","overlay-opacity":"","overlay-gradient":""},"mobile":{"background-color":"","background-image":"","background-repeat":"repeat","background-position":"center center","background-size":"auto","background-attachment":"scroll","background-type":"","background-media":"","overlay-type":"","overlay-color":"","overlay-opacity":"","overlay-gradient":""}},"ast-content-background-meta":{"desktop":{"background-color":"var(--ast-global-color-5)","background-image":"","background-repeat":"repeat","background-position":"center center","background-size":"auto","background-attachment":"scroll","background-type":"","background-media":"","overlay-type":"","overlay-color":"","overlay-opacity":"","overlay-gradient":""},"tablet":{"background-color":"var(--ast-global-color-5)","background-image":"","background-repeat":"repeat","background-position":"center center","background-size":"auto","background-attachment":"scroll","background-type":"","background-media":"","overlay-type":"","overlay-color":"","overlay-opacity":"","overlay-gradient":""},"mobile":{"background-color":"var(--ast-global-color-5)","background-image":"","background-repeat":"repeat","background-position":"center center","background-size":"auto","background-attachment":"scroll","background-type":"","background-media":"","overlay-type":"","overlay-color":"","overlay-opacity":"","overlay-gradient":""}},"footnotes":"","_links_to":"","_links_to_target":""},"class_list":["post-754","page","type-page","status-publish","hentry"],"uagb_featured_image_src":{"full":false,"thumbnail":false,"medium":false,"medium_large":false,"large":false,"1536x1536":false,"2048x2048":false,"trp-custom-language-flag":false},"uagb_author_info":{"display_name":"Nathalia Machado","author_link":"https:\/\/portal.macae.ufrj.br\/en\/author\/nathaliamachado\/"},"uagb_comment_info":0,"uagb_excerpt":"Comiss\u00e3o Permanente Acess\u00edvel e Inclusiva do Centro Multidisciplinar UFRJ &#8211; Maca\u00e9 (CPAI\/UFRJ-Maca\u00e9) A Comiss\u00e3o Permanente Acess\u00edvel e Inclusiva do Centro Multidisciplinar UFRJ-Maca\u00e9 (CPAI UFRJ-Maca\u00e9) tem como objetivo principal fazer o acolhimento da Pessoa com Defici\u00eancia (PcD) a fim de garantir a sua acessibilidade e inclus\u00e3o. A CPAI \u00e9 uma inst\u00e2ncia consultiva, vinculada \u00e0 Decania do&hellip;","_links":{"self":[{"href":"https:\/\/portal.macae.ufrj.br\/en\/wp-json\/wp\/v2\/pages\/754","targetHints":{"allow":["GET"]}}],"collection":[{"href":"https:\/\/portal.macae.ufrj.br\/en\/wp-json\/wp\/v2\/pages"}],"about":[{"href":"https:\/\/portal.macae.ufrj.br\/en\/wp-json\/wp\/v2\/types\/page"}],"author":[{"embeddable":true,"href":"https:\/\/portal.macae.ufrj.br\/en\/wp-json\/wp\/v2\/users\/6"}],"replies":[{"embeddable":true,"href":"https:\/\/portal.macae.ufrj.br\/en\/wp-json\/wp\/v2\/comments?post=754"}],"version-history":[{"count":69,"href":"https:\/\/portal.macae.ufrj.br\/en\/wp-json\/wp\/v2\/pages\/754\/revisions"}],"predecessor-version":[{"id":17001,"href":"https:\/\/portal.macae.ufrj.br\/en\/wp-json\/wp\/v2\/pages\/754\/revisions\/17001"}],"wp:attachment":[{"href":"https:\/\/portal.macae.ufrj.br\/en\/wp-json\/wp\/v2\/media?parent=754"}],"curies":[{"name":"wp","href":"https:\/\/api.w.org\/{rel}","templated":true}]}}